{"id":20,"date":"2013-09-14T08:25:09","date_gmt":"2013-09-14T08:25:09","guid":{"rendered":"http:\/\/aes.org.pt\/aeswp\/?page_id=20"},"modified":"2024-06-16T11:18:29","modified_gmt":"2024-06-16T11:18:29","slug":"ensino","status":"publish","type":"page","link":"https:\/\/aes.org.pt\/aeswp\/?page_id=20","title":{"rendered":"Ensino"},"content":{"rendered":"<p><strong>Licenciaturas<\/strong><\/p>\n<p>Em Portugal, quem deseja tirar uma licenciatura que lhe d\u00ea conhecimentos na \u00e1rea do \u00e1udio, tem dois caminhos poss\u00edveis: ou uma licenciatura especifica na \u00e1rea do som, ou uma licenciatura em engenharia (eletrot\u00e9cnica, inform\u00e1tica, etc.).<\/p>\n<p>No caso das licenciaturas espec\u00edficas na \u00e1rea do som, o objetivo \u00e9 dar ao aluno o\u00a0<em>know-how<\/em>\u00a0necess\u00e1rio para que este consiga trabalhar com equipamento \u00e1udio (t\u00e9cnico de som, etc.). No caso de uma engenharia, o objetivo \u00e9 dar ao aluno o\u00a0<em>know-how<\/em>\u00a0mais t\u00e9cnico e profundo, mas mais abrangente, n\u00e3o apenas na \u00e1rea do \u00e1udio.<\/p>\n<p>Licenciaturas espec\u00edficas na \u00e1rea do som:<\/p>\n<ul>\n<li><a href=\"https:\/\/isvouga.pt\/curso\/pos-graduacao\/engenharia-de-som\/\" target=\"_blank\" rel=\"noopener noreferrer\">Engenharia de Som<\/a> &#8211; ISVOUGA \u2013 Instituto Superior de Entre Douro e Vouga<\/li>\n<li><a href=\"https:\/\/www.ulusofona.pt\/licenciaturas\/ciencia-e-tecnologias-do-som\" target=\"_blank\" rel=\"noopener noreferrer\">Ci\u00eancia e Tecnologias do Som<\/a> &#8211; Univ. Lus\u00f3fona, Lisboa. Curso virado para as\u00a0\u00e1reas e tecnologias do som, suas express\u00f5es e suportes<\/li>\n<li><a href=\"https:\/\/www.educaedu.com.pt\/licenciatura-em-design-sonoro-licenciatura-30901.html\" target=\"_blank\" rel=\"noopener noreferrer\">Design Sonoro<\/a>, IPA &#8211;\u00a0Instituto Superior Aut\u00f3nomo de Estudos Polit\u00e9cnicos, Lisboa. Curso mais virado para a \u00a0componente de <em>sound design<\/em>.<\/li>\n<li><a href=\"http:\/\/www.esmae-ipp.pt\/gca\/index.php?id=176\" target=\"_blank\" rel=\"noopener noreferrer\">Produ\u00e7\u00e3o e Tecnologias da M\u00fasica<\/a>, ESMAE &#8211; Polit\u00e9cnico do Porto, Porto. Curso com uma componente forte de produ\u00e7\u00e3o musical.<\/li>\n<li><a href=\"https:\/\/www.ipleiria.pt\/cursos\/course\/licenciatura-em-som-e-imagem\/\" target=\"_blank\" rel=\"noopener noreferrer\">Som e Imagem<\/a>, ESAD &#8211; Polit\u00e9cnico de Leiria, Caldas da Rainha. Curso que se subdivide em dois ramos (Som ou Imagem).<\/li>\n<li>Som e Imagem,\u00a0Universidade Cat\u00f3lica Portuguesa, Porto. Curso com componente de som e imagem.<\/li>\n<li><a href=\"http:\/\/www.esmae-ipp.pt\/gca\/index.php?id=187\" target=\"_blank\" rel=\"noopener noreferrer\">Teatro, variante de Produ\u00e7\u00e3o e Design, op\u00e7\u00e3o Luz e Som<\/a>,\u00a0ESMAE &#8211; Polit\u00e9cnico do Porto, Porto. Curso sobre som e luz num contexto de teatro e espet\u00e1culos.<\/li>\n<li><a href=\"https:\/\/www.esml.ipl.pt\/index.php\/cursos\/licenciaturas\/licenciatura-em-tecnologias-da-musica\" target=\"_blank\" rel=\"noopener noreferrer\">Tecnologias da M\u00fasica<\/a>, Escola Superior de M\u00fasica de Lisboa &#8211; Polit\u00e9cnico de Lisboa, Lisboa. Curso com uma componente t\u00e9cnica bastante forte nas \u00e1reas\u00a0do \u00e1udio e ac\u00fastica.<\/li>\n<li><a href=\"https:\/\/www.ipcb.pt\/esart\/ensino\/licenciatura-em-musica-variante-de-musica-eletronica-e-producao-musical\" target=\"_blank\" rel=\"noopener noreferrer\">ESART<\/a> &#8211; Escola Superior de Artes Aplicadas do Instituto Polit\u00e9cnico de Castelo Branco. Licenciatura em M\u00fasica Eletr\u00f3nica e Produ\u00e7\u00e3o Musical. Curso foi criado em 2005, e tem uma configura\u00e7\u00e3o de certa forma \u00fanica, na medida em que combina basicamente as vertentes de produ\u00e7\u00e3o \u00e0 cria\u00e7\u00e3o musical e ao desenvolvimento de software<\/li>\n<li><a href=\"https:\/\/www.estgp.pt\/pt\/2021\/03\/31\/novo-ctesp-design-de-som-e-producao-musical\/\" target=\"_blank\" rel=\"noopener noreferrer\">Polit\u00e9cnico de Portalegre<\/a> &#8211; O CTeSP em Design de Som e Produ\u00e7\u00e3o Musical prepara t\u00e9cnico-criativos na \u00e1rea do som, aptos a integrar o mercado de trabalho nas ind\u00fastrias da m\u00fasica, do audiovisual e das artes do espet\u00e1culo. A aprendizagem \u00e9 eminentemente pr\u00e1tica, com \u00eanfase em projetos desenvolvidos pelos\/as alunos\/as com vista \u00e0 cria\u00e7\u00e3o de um portf\u00f3lio t\u00e9cnico e art\u00edstico relevante.<\/li>\n<\/ul>\n<p><strong>Mestrados e Doutoramentos<\/strong><\/p>\n<p>Para quem deseja fazer um mestrado ou doutoramento na \u00e1rea do \u00e1udio, mas n\u00e3o sabem muito bem por onde come\u00e7ar, apresentamos uma lista (por ordem alfab\u00e9tica) de alguns professores doutorados, com know-how na \u00e1rea da investiga\u00e7\u00e3o em \u00e1udio, e que poder\u00e3o ser orientar teses de mestrado ou doutoramento (ou co-orientar, caso o mestrado\/doutoramento seja feito noutra \u00a0institui\u00e7\u00e3o de ensino superior):<\/p>\n<ul>\n<li><a href=\"mailto:ajf@fe.up.pt\">Prof. An\u00edbal Ferreira<\/a> &#8211; Faculdade de Engenharia da Universidade do Porto; \u00e1rea da eng. eletrot\u00e9cnica (processamento digital de sinal).<\/li>\n<li><a href=\"mailto:dfreitas@fe.up.pt\">Prof. Diamantino Freitas<\/a> &#8211; Faculdade de Engenharia\u00a0da Universidade do Porto; \u00e1rea de eng. electrot\u00e9cnica (\u00e1udio anal\u00f3gico).<\/li>\n<li><a href=\"mailto:a.guilherme.r.campos@gmail.com\">Prof. Guilherme Campos<\/a> &#8211; Universidade de Aveiro; \u00e1rea de eng. electrot\u00e9cnica (modela\u00e7\u00e3o de salas, som 3D).<\/li>\n<li>Prof. Gustavo Martins\u00a0&#8211;\u00a0Universidade Cat\u00f3lica Portuguesa &#8211; Porto;<\/li>\n<li><a href=\"http:\/\/sweet.ua.pt\/jnvieira\/\">Prof. Jos\u00e9 Vieira<\/a> &#8211; Universidade de Aveiro; \u00e1rea de eng. electrot\u00e9cnica (processamento digital de sinal).<\/li>\n<li>Prof. Luis Gustavo Martins &#8211; Universidade\u00a0Cat\u00f3lica do Porto, \u00e1rea de som e imagem (MIR, machine learning).<\/li>\n<li><a href=\"mailto:ppestana@porto.ucp.pt\">Prof. Pedro Pestana<\/a> &#8211;\u00a0Universidade Cat\u00f3lica Portuguesa &#8211; Porto;<\/li>\n<li><a href=\"mailto:salblues@utad.pt\">Prof. Salviano Soares<\/a> &#8211; Universidade de Tr\u00e1s-os-Montes e Alto Douro, \u00e1rea de eng. electrot\u00e9cnica (processamento digital de sinal).<\/li>\n<\/ul>\n<p><em>(Caso deseje acrescentar nomes ou cursos a esta p\u00e1gina, basta enviar um\u00a0<a href=\"mailto:nuno.fonseca@ipleiria.pt\">email<\/a>\u00a0com informa\u00e7\u00e3o necess\u00e1ria)\u00a0<\/em><\/p>\n","protected":false},"excerpt":{"rendered":"<p>Licenciaturas Em Portugal, quem deseja tirar uma licenciatura que lhe d\u00ea conhecimentos na \u00e1rea do \u00e1udio, tem dois caminhos poss\u00edveis: ou uma licenciatura especifica na \u00e1rea do som, ou uma licenciatura em engenharia (eletrot\u00e9cnica, inform\u00e1tica, etc.). No caso das licenciaturas &hellip;<\/p>\n<p class=\"read-more\"> <a class=\"more-link\" href=\"https:\/\/aes.org.pt\/aeswp\/?page_id=20\"> <span class=\"screen-reader-text\">Ensino<\/span> Read More &raquo;<\/a><\/p>\n","protected":false},"author":1,"featured_media":0,"parent":0,"menu_order":0,"comment_status":"closed","ping_status":"closed","template":"","meta":{"footnotes":""},"_links":{"self":[{"href":"https:\/\/aes.org.pt\/aeswp\/index.php?rest_route=\/wp\/v2\/pages\/20"}],"collection":[{"href":"https:\/\/aes.org.pt\/aeswp\/index.php?rest_route=\/wp\/v2\/pages"}],"about":[{"href":"https:\/\/aes.org.pt\/aeswp\/index.php?rest_route=\/wp\/v2\/types\/page"}],"author":[{"embeddable":true,"href":"https:\/\/aes.org.pt\/aeswp\/index.php?rest_route=\/wp\/v2\/users\/1"}],"replies":[{"embeddable":true,"href":"https:\/\/aes.org.pt\/aeswp\/index.php?rest_route=%2Fwp%2Fv2%2Fcomments&post=20"}],"version-history":[{"count":23,"href":"https:\/\/aes.org.pt\/aeswp\/index.php?rest_route=\/wp\/v2\/pages\/20\/revisions"}],"predecessor-version":[{"id":455,"href":"https:\/\/aes.org.pt\/aeswp\/index.php?rest_route=\/wp\/v2\/pages\/20\/revisions\/455"}],"wp:attachment":[{"href":"https:\/\/aes.org.pt\/aeswp\/index.php?rest_route=%2Fwp%2Fv2%2Fmedia&parent=20"}],"curies":[{"name":"wp","href":"https:\/\/api.w.org\/{rel}","templated":true}]}}